{"version":"1.0","provider_name":"Derecho al futuro","provider_url":"https:\/\/fapi.org.py\/derechoalfuturo","title":"La lucha por la tierra - Derecho al futuro","type":"rich","width":600,"height":338,"html":"<blockquote class=\"wp-embedded-content\" data-secret=\"A5926ehhFR\"><a href=\"https:\/\/fapi.org.py\/derechoalfuturo\/2022\/04\/06\/la-lucha-por-la-tierra\/\">La lucha por la tierra<\/a><\/blockquote><iframe sandbox=\"allow-scripts\" security=\"restricted\" src=\"https:\/\/fapi.org.py\/derechoalfuturo\/2022\/04\/06\/la-lucha-por-la-tierra\/embed\/#?secret=A5926ehhFR\" width=\"600\" height=\"338\" title=\"&#8220;La lucha por la tierra&#8221; &#8212; Derecho al futuro\" data-secret=\"A5926ehhFR\" frameborder=\"0\" marginwidth=\"0\" marginheight=\"0\" scrolling=\"no\" class=\"wp-embedded-content\"><\/iframe><script type=\"text\/javascript\">\n\/* <![CDATA[ *\/\n\/*! This file is auto-generated *\/\n!function(d,l){\"use strict\";l.querySelector&&d.addEventListener&&\"undefined\"!=typeof URL&&(d.wp=d.wp||{},d.wp.receiveEmbedMessage||(d.wp.receiveEmbedMessage=function(e){var t=e.data;if((t||t.secret||t.message||t.value)&&!\/[^a-zA-Z0-9]\/.test(t.secret)){for(var s,r,n,a=l.querySelectorAll('iframe[data-secret=\"'+t.secret+'\"]'),o=l.querySelectorAll('blockquote[data-secret=\"'+t.secret+'\"]'),c=new RegExp(\"^https?:$\",\"i\"),i=0;i<o.length;i++)o[i].style.display=\"none\";for(i=0;i<a.length;i++)s=a[i],e.source===s.contentWindow&&(s.removeAttribute(\"style\"),\"height\"===t.message?(1e3<(r=parseInt(t.value,10))?r=1e3:~~r<200&&(r=200),s.height=r):\"link\"===t.message&&(r=new URL(s.getAttribute(\"src\")),n=new URL(t.value),c.test(n.protocol))&&n.host===r.host&&l.activeElement===s&&(d.top.location.href=t.value))}},d.addEventListener(\"message\",d.wp.receiveEmbedMessage,!1),l.addEventListener(\"DOMContentLoaded\",function(){for(var e,t,s=l.querySelectorAll(\"iframe.wp-embedded-content\"),r=0;r<s.length;r++)(t=(e=s[r]).getAttribute(\"data-secret\"))||(t=Math.random().toString(36).substring(2,12),e.src+=\"#?secret=\"+t,e.setAttribute(\"data-secret\",t)),e.contentWindow.postMessage({message:\"ready\",secret:t},\"*\")},!1)))}(window,document);\n\/\/# sourceURL=https:\/\/fapi.org.py\/derechoalfuturo\/wp-includes\/js\/wp-embed.min.js\n\/* ]]> *\/\n<\/script>\n","description":"Alexis Mart\u00ednez, joven l\u00edder de la comunidad Loma, del Pueblo Guaran\u00ed \u00d1andeva, relata que la lucha por la titulaci\u00f3n de sus tierras se remonta al a\u00f1o 1981. En este entonces, los l\u00edderes impulsaron a trav\u00e9s del extinto Instituto de Bienestar Rural -IBR- (que se convirti\u00f3 en Instituto de Desarrollo Rural y de la Tierra - INDERT -), el proceso de adjudicaci\u00f3n de sus parcelas. Los l\u00edderes empezaron el proceso aprovechando que la dictadura militar de Alfredo Stroessner se vio obligada a aprobar nuevas leyes que reconoc\u00edan los derechos de los Pueblos Ind\u00edgenas."}